{"id":559,"date":"2022-11-17T22:36:27","date_gmt":"2022-11-17T22:36:27","guid":{"rendered":"https:\/\/cachoeirapaulista.tur.br\/home\/"},"modified":"2026-08-04T16:25:07","modified_gmt":"2026-08-04T16:25:07","slug":"home","status":"publish","type":"page","link":"https:\/\/museudigitalcp.com.br\/portaltur\/","title":{"rendered":"Guia de Pousadas e Hot\u00e9is em Cachoeira Paulista"},"content":{"rendered":"<div id=\"pl-559\"  class=\"panel-layout\" ><div id=\"pg-559-0\"  class=\"panel-grid panel-no-style\" ><div id=\"pgc-559-0-0\"  class=\"panel-grid-cell panel-grid-cell-empty\" ><\/div><div id=\"pgc-559-0-1\"  class=\"panel-grid-cell panel-grid-cell-mobile-last\" ><div id=\"panel-559-0-1-0\" class=\"so-panel widget widget_sow-editor panel-first-child panel-last-child\" data-index=\"0\" ><div\n\t\t\t\n\t\t\tclass=\"so-widget-sow-editor so-widget-sow-editor-base\"\n\t\t\t\n\t\t>\n<div class=\"siteorigin-widget-tinymce textwidget\">\n\t<p style=\"text-align: center;\">\t\t<style>\n\t\t\t\t\t\t\t\n\t\t\t\t\t#searchwp-form-1 .swp-input {\n\t\t\t\tborder: 1px solid #0c53b0;\n\t\t\t\tborder-radius: 5px;\n\t\t\t}\n\t\t\t#searchwp-form-1 input[type=submit] {\n\t\t\t\tborder-radius: 5px;\n\t\t\t}\n\t\t\n\t\t\n\t\t\t\t\t\n\t\t\t\n\t\t\t\t\t\t\t#searchwp-form-1 input[type=submit] {\n                    background-color: #0f0585;\n                }\n\t\t\t\n\t\t\t\n\t\t\t\t\t\t\t#searchwp-form-1 input[type=submit] {\n                    color: #ffffff;\n                }\n\t\t\t\n\t\t\t\t\t<\/style>\n\t\t\t\t<form id=\"searchwp-form-1\"\n\t\t\trole=\"search\"\n\t\t\tmethod=\"get\"\n\t\t\tclass=\"searchwp-form\"\n\t\t\taction=\"https:\/\/museudigitalcp.com.br\/portaltur\/\"\n\t\t\taria-label=\"Search\">\n\t\t\t<input type=\"hidden\" name=\"swp_form[form_id]\" value=\"1\">\n\t\t\t<div class=\"swp-flex--col swp-flex--wrap swp-flex--gap-md\">\n\t\t\t\t<div class=\"swp-flex--row swp-items-stretch swp-flex--gap-md\">\n\t\t\t\t\t<div class=\"searchwp-form-input-container swp-items-stretch\">\n\n\t\t\t\t\t\t\t\t\t\t\t\t\t\t\t\t\t\t<input type=\"search\"\n                            class=\"swp-input--search swp-input\"\n\t\t\t\t\t\t    placeholder=\"O que voc\u00ea procura?\"\n\t\t\t\t\t\t    value=\"\"\n                            name=\"s\"\n\t\t\t\t\t\t    title=\"O que voc\u00ea procura?\"\n\t\t\t\t\t\t\taria-label=\"Search\"\n\t\t\t\t\t\t\taria-required=\"false\"\n\t\t\t\t\t\t\t data-swplive=\"true\"                        \/>\n\t\t\t\t\t<\/div>\n\n\t\t\t\t\t\t\t\t\t\t\t<input type=\"submit\"\n\t\t\t\t\t\t\tclass=\"search-submit swp-button\"\n\t\t\t\t\t\t\tvalue=\"Pesquisar\"\n\t\t\t\t\t\t\taria-label=\"Pesquisar\"\n\t\t\t\t\t\t\/>\n\t\t\t\t\t\n\t\t\t\t<\/div>\n\t\t\t<\/div>\n\t\t<\/form>\n\t\t<\/p>\n<\/div>\n<\/div><\/div><\/div><div id=\"pgc-559-0-2\"  class=\"panel-grid-cell panel-grid-cell-empty\" ><\/div><\/div><div id=\"pg-559-1\"  class=\"panel-grid panel-has-style\" ><div class=\"so-rounded panel-row-style panel-row-style-for-559-1\" ><div id=\"pgc-559-1-0\"  class=\"panel-grid-cell panel-grid-cell-mobile-last\" ><div id=\"panel-559-1-0-0\" class=\"so-panel widget widget_sow-editor panel-first-child panel-last-child\" data-index=\"1\" ><div class=\"so-rounded panel-widget-style panel-widget-style-for-559-1-0-0\" ><div\n\t\t\t\n\t\t\tclass=\"so-widget-sow-editor so-widget-sow-editor-base\"\n\t\t\t\n\t\t>\n<div class=\"siteorigin-widget-tinymce textwidget\">\n\t<h1><span class=\"ez-toc-section\" id=\"Guia_de_Pousadas_e_Hoteis_em_Cachoeira_Paulista_perto_da_Cancao_Nova\"><\/span><span style=\"color: #ffffff;\">Guia de Pousadas e Hot\u00e9is em Cachoeira Paulista perto da Can\u00e7\u00e3o Nova<\/span><span class=\"ez-toc-section-end\"><\/span><\/h1>\n<h2><span class=\"ez-toc-section\" id=\"Encontre_as_melhores_hospedagens_restaurantes_eventos_e_atracoes_para_sua_visita_a_Cachoeira_Paulista_e_a_Cancao_Nova\"><\/span><span style=\"color: #ffc107;\">Encontre as melhores hospedagens, restaurantes, eventos e atra\u00e7\u00f5es para sua visita \u00e0 Cachoeira Paulista e \u00e0 Can\u00e7\u00e3o Nova.<\/span><span class=\"ez-toc-section-end\"><\/span><\/h2>\n<\/div>\n<\/div><\/div><\/div><\/div><div id=\"pgc-559-1-1\"  class=\"panel-grid-cell panel-grid-cell-empty\" ><\/div><\/div><\/div><div id=\"pg-559-2\"  class=\"panel-grid panel-has-style\" ><div class=\"so-rounded panel-row-style panel-row-style-for-559-2\" ><div id=\"pgc-559-2-0\"  class=\"panel-grid-cell\" ><div id=\"panel-559-2-0-0\" class=\"so-panel widget widget_sow-editor panel-first-child panel-last-child\" data-index=\"2\" ><div class=\"so-rounded panel-widget-style panel-widget-style-for-559-2-0-0\" ><div\n\t\t\t\n\t\t\tclass=\"so-widget-sow-editor so-widget-sow-editor-base\"\n\t\t\t\n\t\t>\n<div class=\"siteorigin-widget-tinymce textwidget\">\n\t<h2 style=\"text-align: center;\"><span class=\"ez-toc-section\" id=\"Hospedagem_e_gastronomia_em_Cachoeira_Paulista\"><\/span>Hospedagem e gastronomia em Cachoeira Paulista<span class=\"ez-toc-section-end\"><\/span><\/h2>\n<hr \/>\n<div class=\"categorias-premium\" style=\"text-align: center;\"><div class=\"geodir-categories-container bsui sdel-902b8a9e\" ><div class=\"gd-categories-widget  mb-3\"><div class=\"gd-cptcat-row gd-cptcat-gd_place \"><div class=\"row row-cols-1 row-cols-sm-2 row-cols-md-3\"><div class=\"gd-cptcat-ul gd-cptcat-parent col mb-4\"><div class=\"card h-100 p-0 m-0 border-0 bg-transparent shadow-sm\">\n\t<div class=\"card-body position-relative text-center btn btn-outline-primary p-1 py-3\">\n\t\t<div class=\"gd-cptcat-cat-right text-uppercase text-truncate\">\n\t\t\t<a href=\"https:\/\/museudigitalcp.com.br\/portaltur\/places\/categoria\/pousadas-cachoeira-paulista\/\" class=\"stretched-link text-reset h6 font-weight-bold\"><div class='gd-cptcat-cat-left border-0 m-0 overflow-hidden iconbox fill rounded-circle bg-white iconsmall d-inline-block mr-2 me-2 align-middle'><span class='gd-cptcat-icon' style=\"color:#327223\"><img decoding=\"async\" alt=\"Pousadas icon\" src=\"https:\/\/museudigitalcp.com.br\/portaltur\/wp-content\/uploads\/2026\/07\/icon-pousada.webp\" class=\"mw-100 mh-100\"\/> <\/span><\/div>Pousadas<\/a> <span class=\"gd-cptcat-count ml-2 badge badge-light \">14<\/span>\t\t<\/div>\n<\/div><\/div><\/div><div class=\"gd-cptcat-ul gd-cptcat-parent col mb-4\"><div class=\"card h-100 p-0 m-0 border-0 bg-transparent shadow-sm\">\n\t<div class=\"card-body position-relative text-center btn btn-outline-primary p-1 py-3\">\n\t\t<div class=\"gd-cptcat-cat-right text-uppercase text-truncate\">\n\t\t\t<a href=\"https:\/\/museudigitalcp.com.br\/portaltur\/places\/categoria\/restaurantes\/\" class=\"stretched-link text-reset h6 font-weight-bold\"><div class='gd-cptcat-cat-left border-0 m-0 overflow-hidden iconbox fill rounded-circle bg-white iconsmall d-inline-block mr-2 me-2 align-middle'><span class='gd-cptcat-icon' style=\"color:#dd3333\"><img decoding=\"async\" alt=\"Restaurantes icon\" src=\"https:\/\/museudigitalcp.com.br\/portaltur\/wp-content\/uploads\/2022\/11\/fas-fa-utensils.png\" class=\"mw-100 mh-100\"\/> <\/span><\/div>Restaurantes<\/a> <span class=\"gd-cptcat-count ml-2 badge badge-light \">2<\/span>\t\t<\/div>\n<\/div><\/div><\/div><div class=\"gd-cptcat-ul gd-cptcat-parent col mb-4\"><div class=\"card h-100 p-0 m-0 border-0 bg-transparent shadow-sm\">\n\t<div class=\"card-body position-relative text-center btn btn-outline-primary p-1 py-3\">\n\t\t<div class=\"gd-cptcat-cat-right text-uppercase text-truncate\">\n\t\t\t<a href=\"https:\/\/museudigitalcp.com.br\/portaltur\/places\/categoria\/casa-e-hospedagem\/\" class=\"stretched-link text-reset h6 font-weight-bold\"><div class='gd-cptcat-cat-left border-0 m-0 overflow-hidden iconbox fill rounded-circle bg-white iconsmall d-inline-block mr-2 me-2 align-middle'><span class='gd-cptcat-icon' style=\"color:#81d742\"><img decoding=\"async\" alt=\"Casa e hospedagem icon\" src=\"https:\/\/museudigitalcp.com.br\/portaltur\/wp-content\/uploads\/2022\/11\/fas-fa-bed-2.png\" class=\"mw-100 mh-100\"\/> <\/span><\/div>Casa e hospedagem<\/a> <span class=\"gd-cptcat-count ml-2 badge badge-light \">2<\/span>\t\t<\/div>\n<\/div><\/div><\/div><div class=\"gd-cptcat-ul gd-cptcat-parent col mb-4\"><div class=\"card h-100 p-0 m-0 border-0 bg-transparent shadow-sm\">\n\t<div class=\"card-body position-relative text-center btn btn-outline-primary p-1 py-3\">\n\t\t<div class=\"gd-cptcat-cat-right text-uppercase text-truncate\">\n\t\t\t<a href=\"https:\/\/museudigitalcp.com.br\/portaltur\/places\/categoria\/hotel-em-cachoeira-paulista\/\" class=\"stretched-link text-reset h6 font-weight-bold\"><div class='gd-cptcat-cat-left border-0 m-0 overflow-hidden iconbox fill rounded-circle bg-white iconsmall d-inline-block mr-2 me-2 align-middle'><span class='gd-cptcat-icon' style=\"color:#1e73be\"><img decoding=\"async\" alt=\"Hotel icon\" src=\"https:\/\/museudigitalcp.com.br\/portaltur\/wp-content\/uploads\/2022\/08\/fas-fa-home-1.png\" class=\"mw-100 mh-100\"\/> <\/span><\/div>Hotel<\/a> <span class=\"gd-cptcat-count ml-2 badge badge-light \">1<\/span>\t\t<\/div>\n<\/div><\/div><\/div><div class=\"gd-cptcat-ul gd-cptcat-parent col mb-4\"><div class=\"card h-100 p-0 m-0 border-0 bg-transparent shadow-sm\">\n\t<div class=\"card-body position-relative text-center btn btn-outline-primary p-1 py-3\">\n\t\t<div class=\"gd-cptcat-cat-right text-uppercase text-truncate\">\n\t\t\t<a href=\"https:\/\/museudigitalcp.com.br\/portaltur\/places\/categoria\/camping\/\" class=\"stretched-link text-reset h6 font-weight-bold\"><div class='gd-cptcat-cat-left border-0 m-0 overflow-hidden iconbox fill rounded-circle bg-white iconsmall d-inline-block mr-2 me-2 align-middle'><span class='gd-cptcat-icon' style=\"color:#93239b\"><img decoding=\"async\" alt=\"Camping icon\" src=\"https:\/\/museudigitalcp.com.br\/portaltur\/wp-content\/uploads\/2022\/11\/fas-fa-bed-1.png\" class=\"mw-100 mh-100\"\/> <\/span><\/div>Camping<\/a> <span class=\"gd-cptcat-count ml-2 badge badge-light \">1<\/span>\t\t<\/div>\n<\/div><\/div><\/div><\/div><\/div><\/div><\/div><\/div>\n<\/div>\n<\/div><\/div><\/div><\/div><\/div><\/div><div id=\"pg-559-3\"  class=\"panel-grid panel-has-style\" ><div class=\"so-rounded panel-row-style panel-row-style-for-559-3\" ><div id=\"pgc-559-3-0\"  class=\"panel-grid-cell\" ><div id=\"panel-559-3-0-0\" class=\"so-panel widget widget_sow-editor panel-first-child panel-last-child\" data-index=\"3\" ><div\n\t\t\t\n\t\t\tclass=\"so-widget-sow-editor so-widget-sow-editor-base\"\n\t\t\t\n\t\t>\n<div class=\"siteorigin-widget-tinymce textwidget\">\n\t<h2 style=\"text-align: center;\"><span class=\"ez-toc-section\" id=\"Proximos_eventos_da_Cancao_Nova\"><\/span><span style=\"color: #000000;\">Pr\u00f3ximos eventos da Can\u00e7\u00e3o Nova<\/span><span class=\"ez-toc-section-end\"><\/span><\/h2>\n<p style=\"text-align: center;\">\n<div class=\"pt-cv-wrapper\">\n<div class=\"pt-cv-view pt-cv-blockgrid iscvblock iscvhybrid grid1 layout1\" id=\"pt-cv-view-5aa4b234at\">\n<div data-id=\"pt-cv-page-1\" class=\"pt-cv-page\" data-cvc=\"4\">\n<div class=\" pt-cv-content-item pt-cv-1-col\" >\n<div class=\"pt-cv-thumb-wrapper  \"><a href=\"https:\/\/museudigitalcp.com.br\/portaltur\/de-14-a-16-de-agostoacampamento-de-cura-interior\/\" class=\"_self pt-cv-href-thumbnail pt-cv-thumb-default\" target=\"_self\" ><img loading=\"lazy\" decoding=\"async\" width=\"300\" height=\"200\" src=\"https:\/\/museudigitalcp.com.br\/portaltur\/wp-content\/uploads\/2026\/08\/cura-interior-portal-turismo-cachoeira-paulista-1.webp\" class=\"pt-cv-thumbnail\" alt=\"Acampamento de Cura Interior - Can\u00e7\u00e3o Nova - Cachoeira Paulista\" \/><\/a><\/div>\n<h4 class=\"pt-cv-title\"><span class=\"ez-toc-section\" id=\"Acampamento_de_Cura_Interior\"><\/span><a href=\"https:\/\/museudigitalcp.com.br\/portaltur\/de-14-a-16-de-agostoacampamento-de-cura-interior\/\" class=\"_self\" target=\"_self\" >Acampamento de Cura Interior<\/a><span class=\"ez-toc-section-end\"><\/span><\/h4>\n<div class=\"pt-cv-content\">De 14 a 16 de agosto Com o tema &#8220;Pela Verdade sereis curados&#8221;, o acampamento na Can\u00e7\u00e3o Nova em Cachoeira ...<\/p>\n<div class=\"pt-cv-rmwrap\"><a href=\"https:\/\/museudigitalcp.com.br\/portaltur\/de-14-a-16-de-agostoacampamento-de-cura-interior\/\" class=\"_self pt-cv-readmore btn btn-success\" target=\"_self\">Leia Mais<\/a><\/div>\n<\/div>\n<\/div>\n<\/div>\n<\/div>\n<\/div>\n<style type=\"text\/css\" id=\"pt-cv-inline-style-d669d89xyp\">\n#pt-cv-view-5aa4b234at .pt-cv-thumb-wrapper:not(.miniwrap) { width: 250px; }#pt-cv-view-5aa4b234at .pt-cv-thumbnail:not(.pt-cv-thumbnailsm) { height: 150px; }#pt-cv-view-5aa4b234at > .pt-cv-page {grid-template-columns: repeat(4, 1fr);grid-gap: 15px;}\n@media all and (max-width: 1024px) { \n#pt-cv-view-5aa4b234at > .pt-cv-page {grid-template-columns: repeat(1, 1fr);}\n} \n@media all and (max-width: 767px) { \n#pt-cv-view-5aa4b234at > .pt-cv-page {grid-template-columns: repeat(1, 1fr);}\n} <\/style>\n<\/p>\n<hr \/>\n<p style=\"text-align: center;\"><a href=\"https:\/\/museudigitalcp.com.br\/portaltur\/agenda-de-eventos-cancao-nova\/\">Principai eventos<\/a> \u2502 <a href=\"https:\/\/cachoeirapaulista.tur.br\/agenda-cancao-nova-2026\/\" target=\"_blank\" rel=\"noopener\">Ver programa\u00e7\u00e3o completa em texto simples (carregamento r\u00e1pido)<\/a><\/p>\n<\/div>\n<\/div><\/div><\/div><\/div><\/div><div id=\"pg-559-4\"  class=\"panel-grid panel-no-style\" ><div id=\"pgc-559-4-0\"  class=\"panel-grid-cell\" ><div id=\"panel-559-4-0-0\" class=\"so-panel widget widget_sow-editor panel-first-child panel-last-child\" data-index=\"4\" ><div class=\"panel-widget-style panel-widget-style-for-559-4-0-0\" ><div\n\t\t\t\n\t\t\tclass=\"so-widget-sow-editor so-widget-sow-editor-base\"\n\t\t\t\n\t\t>\n<div class=\"siteorigin-widget-tinymce textwidget\">\n\t<h2 style=\"text-align: center;\"><span class=\"ez-toc-section\" id=\"Sobre_a_Cancao_Nova\"><\/span><span style=\"color: #000000;\">Sobre a Can\u00e7\u00e3o Nova<\/span><span class=\"ez-toc-section-end\"><\/span><\/h2>\n<h6 style=\"text-align: center;\"><span class=\"ez-toc-section\" id=\"O_maior_e_mais_importante_centro_da_Renovacao_Carismatica_Catolica_do_Brasil\"><\/span><span style=\"color: #000000;\">O maior e mais importante centro da Renova\u00e7\u00e3o Carism\u00e1tica Cat\u00f3lica do Brasil<\/span><span class=\"ez-toc-section-end\"><\/span><\/h6>\n<\/div>\n<\/div><\/div><\/div><\/div><\/div><div id=\"pg-559-5\"  class=\"panel-grid panel-has-style\" ><div class=\"so-rounded panel-row-style panel-row-style-for-559-5\" ><div id=\"pgc-559-5-0\"  class=\"panel-grid-cell\" ><div id=\"panel-559-5-0-0\" class=\"so-panel widget widget_sow-editor panel-first-child\" data-index=\"5\" ><div class=\"so-rounded panel-widget-style panel-widget-style-for-559-5-0-0\" ><div\n\t\t\t\n\t\t\tclass=\"so-widget-sow-editor so-widget-sow-editor-base\"\n\t\t\t\n\t\t>\n<div class=\"siteorigin-widget-tinymce textwidget\">\n\t<p><strong><img loading=\"lazy\" decoding=\"async\" class=\"wp-image-2278 alignnone\" src=\"https:\/\/museudigitalcp.com.br\/portaltur\/wp-content\/uploads\/2026\/08\/map.png\" alt=\"Como chegar \u00e0 Can\u00e7\u00e3o Nova\" width=\"30\" height=\"30\" \/><a href=\"https:\/\/cachoeirapaulista.tur.br\/como-chegar-a-cancao-nova\/\" target=\"_blank\" rel=\"noopener\"> <span style=\"font-size: 12pt;\">Como chegar \u00e0 Can\u00e7\u00e3o Nova<\/span><\/a><\/strong><br \/>\nSaiba como vir com seguran\u00e7a e tranquilidade a Cachoeira Paulista.<\/p>\n<\/div>\n<\/div><\/div><\/div><div id=\"panel-559-5-0-1\" class=\"so-panel widget widget_sow-editor panel-last-child\" data-index=\"6\" ><div class=\"so-rounded panel-widget-style panel-widget-style-for-559-5-0-1\" ><div\n\t\t\t\n\t\t\tclass=\"so-widget-sow-editor so-widget-sow-editor-base\"\n\t\t\t\n\t\t>\n<div class=\"siteorigin-widget-tinymce textwidget\">\n\t<p><a href=\"https:\/\/cachoeirapaulista.tur.br\/guia-completo-do-turista-na-cancao-nova\/\" target=\"_blank\" rel=\"noopener\"><strong><img loading=\"lazy\" decoding=\"async\" class=\"alignnone wp-image-2281\" src=\"https:\/\/museudigitalcp.com.br\/portaltur\/wp-content\/uploads\/2026\/08\/mochila.png\" alt=\"Guia completo do turista na Can\u00e7\u00e3o Nova\" width=\"30\" height=\"30\" \/>\u00a0Guia do turista na Can\u00e7\u00e3o Nova<\/strong><\/a><br \/>\nTudo o que voc\u00ea precisa saber para planejar sua visita.<\/p>\n<\/div>\n<\/div><\/div><\/div><\/div><div id=\"pgc-559-5-1\"  class=\"panel-grid-cell\" ><div id=\"panel-559-5-1-0\" class=\"so-panel widget widget_sow-editor panel-first-child\" data-index=\"7\" ><div class=\"so-rounded panel-widget-style panel-widget-style-for-559-5-1-0\" ><div\n\t\t\t\n\t\t\tclass=\"so-widget-sow-editor so-widget-sow-editor-base\"\n\t\t\t\n\t\t>\n<div class=\"siteorigin-widget-tinymce textwidget\">\n\t<p><a href=\"https:\/\/cachoeirapaulista.tur.br\/horario-das-missas\/\" target=\"_blank\" rel=\"noopener\"><strong><img loading=\"lazy\" decoding=\"async\" class=\"alignnone wp-image-2279\" src=\"https:\/\/museudigitalcp.com.br\/portaltur\/wp-content\/uploads\/2026\/08\/alarm-clock.png\" alt=\"Hor\u00e1rio das missas\" width=\"30\" height=\"30\" \/>\u00a0Hor\u00e1rio das missas<\/strong><\/a><br \/>\nVeja os hor\u00e1rios das celebra\u00e7\u00f5es e momentos de ora\u00e7\u00e3o.<\/p>\n<\/div>\n<\/div><\/div><\/div><div id=\"panel-559-5-1-1\" class=\"so-panel widget widget_sow-editor panel-last-child\" data-index=\"8\" ><div class=\"so-rounded panel-widget-style panel-widget-style-for-559-5-1-1\" ><div\n\t\t\t\n\t\t\tclass=\"so-widget-sow-editor so-widget-sow-editor-base\"\n\t\t\t\n\t\t>\n<div class=\"siteorigin-widget-tinymce textwidget\">\n\t<p><a href=\"https:\/\/cachoeirapaulista.tur.br\/guias-de-turismo-credenciados\/\" target=\"_blank\" rel=\"noopener\"><strong><img loading=\"lazy\" decoding=\"async\" class=\"alignnone wp-image-2282\" src=\"https:\/\/museudigitalcp.com.br\/portaltur\/wp-content\/uploads\/2026\/08\/guiasdeturismo.png\" alt=\"Guias de turismo credenciados\" width=\"30\" height=\"30\" \/>\u00a0Guias de turismo credenciados<\/strong><\/a><br \/>\nEncontre profissionais autorizados para acompanhar seu grupo.<\/p>\n<\/div>\n<\/div><\/div><\/div><\/div><div id=\"pgc-559-5-2\"  class=\"panel-grid-cell\" ><div id=\"panel-559-5-2-0\" class=\"so-panel widget widget_sow-editor panel-first-child\" data-index=\"9\" ><div class=\"so-rounded panel-widget-style panel-widget-style-for-559-5-2-0\" ><div\n\t\t\t\n\t\t\tclass=\"so-widget-sow-editor so-widget-sow-editor-base\"\n\t\t\t\n\t\t>\n<div class=\"siteorigin-widget-tinymce textwidget\">\n\t<p><a href=\"https:\/\/cachoeirapaulista.tur.br\/peregrinacao-na-cancao-nova\/\" target=\"_blank\" rel=\"noopener\"><strong><img loading=\"lazy\" decoding=\"async\" class=\"alignnone size-full wp-image-2283\" src=\"https:\/\/museudigitalcp.com.br\/portaltur\/wp-content\/uploads\/2026\/08\/peregribacao2.png\" alt=\"Peregrina\u00e7\u00e3o na Can\u00e7\u00e3o Nova\" width=\"32\" height=\"32\" \/>\u00a0Peregrina\u00e7\u00e3o<\/strong><\/a><br \/>\nConhe\u00e7a os locais sagrados e espa\u00e7os de ora\u00e7\u00e3o na Can\u00e7\u00e3o Nova<\/p>\n<\/div>\n<\/div><\/div><\/div><div id=\"panel-559-5-2-1\" class=\"so-panel widget widget_sow-editor panel-last-child\" data-index=\"10\" ><div class=\"so-rounded panel-widget-style panel-widget-style-for-559-5-2-1\" ><div\n\t\t\t\n\t\t\tclass=\"so-widget-sow-editor so-widget-sow-editor-base\"\n\t\t\t\n\t\t>\n<div class=\"siteorigin-widget-tinymce textwidget\">\n\t<p><a href=\"https:\/\/cachoeirapaulista.tur.br\/uber-taxista-e-vans\/\" target=\"_blank\" rel=\"noopener\"><strong><img loading=\"lazy\" decoding=\"async\" class=\"alignnone wp-image-2280\" src=\"https:\/\/museudigitalcp.com.br\/portaltur\/wp-content\/uploads\/2026\/08\/car-taxi-front.png\" alt=\"Uber, taxistas e vans em Cachoeira Paulista\" width=\"30\" height=\"30\" \/>\u00a0Uber, taxistas e vans<\/strong><\/a><br \/>\nOp\u00e7\u00f5es de transporte em Cachoeira Paulista e regi\u00e3o<\/p>\n<\/div>\n<\/div><\/div><\/div><\/div><div id=\"pgc-559-5-3\"  class=\"panel-grid-cell\" ><div id=\"panel-559-5-3-0\" class=\"so-panel widget widget_sow-editor panel-first-child panel-last-child\" data-index=\"11\" ><div class=\"so-rounded panel-widget-style panel-widget-style-for-559-5-3-0\" ><div\n\t\t\t\n\t\t\tclass=\"so-widget-sow-editor so-widget-sow-editor-base\"\n\t\t\t\n\t\t>\n<div class=\"siteorigin-widget-tinymce textwidget\">\n\t<p><a href=\"https:\/\/cachoeirapaulista.tur.br\/agenda-cancao-nova-2026\/\" target=\"_blank\" rel=\"noopener\"><img loading=\"lazy\" decoding=\"async\" class=\"aligncenter wp-image-2263 size-full\" src=\"https:\/\/museudigitalcp.com.br\/portaltur\/wp-content\/uploads\/2026\/07\/banner-eventos-cn2.jpg\" alt=\"Agenda de eventos da Can\u00e7\u00e3o Nova - 2026\" width=\"250\" height=\"234\" \/><\/a><\/p>\n<\/div>\n<\/div><\/div><\/div><\/div><\/div><\/div><div id=\"pg-559-6\"  class=\"panel-grid panel-no-style\" ><div id=\"pgc-559-6-0\"  class=\"panel-grid-cell\" ><div id=\"panel-559-6-0-0\" class=\"so-panel widget widget_sow-editor panel-first-child panel-last-child\" data-index=\"12\" ><div\n\t\t\t\n\t\t\tclass=\"so-widget-sow-editor so-widget-sow-editor-base\"\n\t\t\t\n\t\t>\n<div class=\"siteorigin-widget-tinymce textwidget\">\n\t<h2 style=\"text-align: center;\"><span class=\"ez-toc-section\" id=\"Venha_visitar_Cachoeira_Paulista\"><\/span><span style=\"color: #000000;\">Venha visitar Cachoeira Paulista<\/span><span class=\"ez-toc-section-end\"><\/span><\/h2>\n<h3 style=\"text-align: center;\"><span class=\"ez-toc-section\" id=\"Conheca_os_atrativos_da_cidade_e_regiao\"><\/span><span style=\"color: #000000;\">Conhe\u00e7a os atrativos da cidade e regi\u00e3o<\/span><span class=\"ez-toc-section-end\"><\/span><\/h3>\n<\/div>\n<\/div><\/div><\/div><\/div><div id=\"pg-559-7\"  class=\"panel-grid panel-has-style\" ><div class=\"so-rounded panel-row-style panel-row-style-for-559-7\" ><div id=\"pgc-559-7-0\"  class=\"panel-grid-cell\" ><div id=\"panel-559-7-0-0\" class=\"so-panel widget widget_sow-editor panel-first-child\" data-index=\"13\" ><div class=\"so-rounded panel-widget-style panel-widget-style-for-559-7-0-0\" ><div\n\t\t\t\n\t\t\tclass=\"so-widget-sow-editor so-widget-sow-editor-base\"\n\t\t\t\n\t\t>\n<div class=\"siteorigin-widget-tinymce textwidget\">\n\t<p><a href=\"https:\/\/museudigitalcp.com.br\/portaltur\/sobre-cachoeira-paulista\/\"><strong>\u279c\u00a0 Saiba mais sobre Cachoeira Paulista<\/strong><\/a><br \/>\nDescubra a hist\u00f3ria, as tradi\u00e7\u00f5es e o charme \u00fanico que encantam moradores e peregrinos.<\/p>\n<\/div>\n<\/div><\/div><\/div><div id=\"panel-559-7-0-1\" class=\"so-panel widget widget_sow-editor panel-last-child\" data-index=\"14\" ><div class=\"so-rounded panel-widget-style panel-widget-style-for-559-7-0-1\" ><div\n\t\t\t\n\t\t\tclass=\"so-widget-sow-editor so-widget-sow-editor-base\"\n\t\t\t\n\t\t>\n<div class=\"siteorigin-widget-tinymce textwidget\">\n\t<p><a href=\"https:\/\/cachoeirapaulista.tur.br\/conheca-o-vale-historico\/\" target=\"_blank\" rel=\"noopener\"><strong>\u279c Conhe\u00e7a o Vale Hist\u00f3rico<\/strong><\/a><br \/>\nGuia de cidades vizinhas e atra\u00e7\u00f5es hist\u00f3ricas no Vale do Para\u00edba.<\/p>\n<\/div>\n<\/div><\/div><\/div><\/div><div id=\"pgc-559-7-1\"  class=\"panel-grid-cell\" ><div id=\"panel-559-7-1-0\" class=\"so-panel widget widget_sow-editor panel-first-child\" data-index=\"15\" ><div class=\"so-rounded panel-widget-style panel-widget-style-for-559-7-1-0\" ><div\n\t\t\t\n\t\t\tclass=\"so-widget-sow-editor so-widget-sow-editor-base\"\n\t\t\t\n\t\t>\n<div class=\"siteorigin-widget-tinymce textwidget\">\n\t<p><a href=\"https:\/\/cachoeirapaulista.tur.br\/roteiro-vale-do-paraiba\/\" target=\"_blank\" rel=\"noopener\"><strong>\u279c \u00a0Roteiro tur\u00edstico da regi\u00e3o<\/strong><\/a><br \/>\nO que fazer em 1 ou mais dias durante sua estadia em Cachoeira Paulista e regi\u00e3o.<\/p>\n<\/div>\n<\/div><\/div><\/div><div id=\"panel-559-7-1-1\" class=\"so-panel widget widget_sow-editor panel-last-child\" data-index=\"16\" ><div class=\"so-rounded panel-widget-style panel-widget-style-for-559-7-1-1\" ><div\n\t\t\t\n\t\t\tclass=\"so-widget-sow-editor so-widget-sow-editor-base\"\n\t\t\t\n\t\t>\n<div class=\"siteorigin-widget-tinymce textwidget\">\n\t<p><a href=\"https:\/\/cachoeirapaulista.tur.br\/pontos-turisticos-cachoeira-paulista\/\" target=\"_blank\" rel=\"noopener\"><strong>\u279c Pontos tur\u00edsticos de Cachoeira Paulista<\/strong><\/a><br \/>\nConhe\u00e7a os santu\u00e1rios, igrejas e locais de visita\u00e7\u00e3o na cidade.<\/p>\n<\/div>\n<\/div><\/div><\/div><\/div><div id=\"pgc-559-7-2\"  class=\"panel-grid-cell\" ><div id=\"panel-559-7-2-0\" class=\"so-panel widget widget_sow-editor panel-first-child panel-last-child\" data-index=\"17\" ><div\n\t\t\t\n\t\t\tclass=\"so-widget-sow-editor so-widget-sow-editor-base\"\n\t\t\t\n\t\t>\n<div class=\"siteorigin-widget-tinymce textwidget\">\n\t<p><img loading=\"lazy\" decoding=\"async\" class=\"aligncenter wp-image-2277 size-large\" src=\"https:\/\/museudigitalcp.com.br\/portaltur\/wp-content\/uploads\/2026\/07\/descubra-cp2-1024x576.png\" alt=\"\" width=\"1024\" height=\"576\" srcset=\"https:\/\/museudigitalcp.com.br\/portaltur\/wp-content\/uploads\/2026\/07\/descubra-cp2-1024x576.png 1024w, https:\/\/museudigitalcp.com.br\/portaltur\/wp-content\/uploads\/2026\/07\/descubra-cp2-300x169.png 300w, https:\/\/museudigitalcp.com.br\/portaltur\/wp-content\/uploads\/2026\/07\/descubra-cp2-768x432.png 768w, https:\/\/museudigitalcp.com.br\/portaltur\/wp-content\/uploads\/2026\/07\/descubra-cp2-1536x864.png 1536w, https:\/\/museudigitalcp.com.br\/portaltur\/wp-content\/uploads\/2026\/07\/descubra-cp2.png 1672w\" sizes=\"auto, (max-width: 1024px) 100vw, 1024px\" \/><\/p>\n<\/div>\n<\/div><\/div><\/div><\/div><\/div><\/div><div id=\"ez-toc-container\" class=\"ez-toc-v2_0_87 counter-hierarchy ez-toc-counter ez-toc-custom ez-toc-container-direction\">\n<div class=\"ez-toc-title-container\">\n<p class=\"ez-toc-title\" style=\"cursor:inherit\">Resumo<\/p>\n<span class=\"ez-toc-title-toggle\"><a href=\"#\" class=\"ez-toc-pull-right ez-toc-btn ez-toc-btn-xs ez-toc-btn-default ez-toc-toggle\" aria-label=\"Alternar tabela de conte\u00fado\"><span class=\"ez-toc-js-icon-con\"><span class=\"\"><span class=\"eztoc-hide\" style=\"display:none;\">Toggle<\/span><span class=\"ez-toc-icon-toggle-span\"><svg style=\"fill: #05006b;color:#05006b\" xmlns=\"http:\/\/www.w3.org\/2000\/svg\" class=\"list-377408\" width=\"20px\" height=\"20px\" viewBox=\"0 0 24 24\" fill=\"none\"><path d=\"M6 6H4v2h2V6zm14 0H8v2h12V6zM4 11h2v2H4v-2zm16 0H8v2h12v-2zM4 16h2v2H4v-2zm16 0H8v2h12v-2z\" fill=\"currentColor\"><\/path><\/svg><svg style=\"fill: #05006b;color:#05006b\" class=\"arrow-unsorted-368013\" xmlns=\"http:\/\/www.w3.org\/2000\/svg\" width=\"10px\" height=\"10px\" viewBox=\"0 0 24 24\" version=\"1.2\" baseProfile=\"tiny\"><path d=\"M18.2 9.3l-6.2-6.3-6.2 6.3c-.2.2-.3.4-.3.7s.1.5.3.7c.2.2.4.3.7.3h11c.3 0 .5-.1.7-.3.2-.2.3-.5.3-.7s-.1-.5-.3-.7zM5.8 14.7l6.2 6.3 6.2-6.3c.2-.2.3-.5.3-.7s-.1-.5-.3-.7c-.2-.2-.4-.3-.7-.3h-11c-.3 0-.5.1-.7.3-.2.2-.3.5-.3.7s.1.5.3.7z\"\/><\/svg><\/span><\/span><\/span><\/a><\/span><\/div>\n<nav><ul class='ez-toc-list ez-toc-list-level-1 eztoc-toggle-hide-by-default' ><li class='ez-toc-page-1 ez-toc-heading-level-1'><a class=\"ez-toc-link ez-toc-heading-1\" href=\"https:\/\/museudigitalcp.com.br\/portaltur\/#Guia_de_Pousadas_e_Hoteis_em_Cachoeira_Paulista_perto_da_Cancao_Nova\" >Guia de Pousadas e Hot\u00e9is em Cachoeira Paulista perto da Can\u00e7\u00e3o Nova<\/a><ul class='ez-toc-list-level-2' ><li class='ez-toc-heading-level-2'><a class=\"ez-toc-link ez-toc-heading-2\" href=\"https:\/\/museudigitalcp.com.br\/portaltur\/#Encontre_as_melhores_hospedagens_restaurantes_eventos_e_atracoes_para_sua_visita_a_Cachoeira_Paulista_e_a_Cancao_Nova\" >Encontre as melhores hospedagens, restaurantes, eventos e atra\u00e7\u00f5es para sua visita \u00e0 Cachoeira Paulista e \u00e0 Can\u00e7\u00e3o Nova.<\/a><\/li><li class='ez-toc-page-1 ez-toc-heading-level-2'><a class=\"ez-toc-link ez-toc-heading-3\" href=\"https:\/\/museudigitalcp.com.br\/portaltur\/#Hospedagem_e_gastronomia_em_Cachoeira_Paulista\" >Hospedagem e gastronomia em Cachoeira Paulista<\/a><\/li><li class='ez-toc-page-1 ez-toc-heading-level-2'><a class=\"ez-toc-link ez-toc-heading-4\" href=\"https:\/\/museudigitalcp.com.br\/portaltur\/#Proximos_eventos_da_Cancao_Nova\" >Pr\u00f3ximos eventos da Can\u00e7\u00e3o Nova<\/a><ul class='ez-toc-list-level-4' ><li class='ez-toc-heading-level-4'><ul class='ez-toc-list-level-4' ><li class='ez-toc-heading-level-4'><a class=\"ez-toc-link ez-toc-heading-5\" href=\"https:\/\/museudigitalcp.com.br\/portaltur\/#Acampamento_de_Cura_Interior\" >Acampamento de Cura Interior<\/a><\/li><\/ul><\/li><\/ul><\/li><li class='ez-toc-page-1 ez-toc-heading-level-2'><a class=\"ez-toc-link ez-toc-heading-6\" href=\"https:\/\/museudigitalcp.com.br\/portaltur\/#Sobre_a_Cancao_Nova\" >Sobre a Can\u00e7\u00e3o Nova<\/a><ul class='ez-toc-list-level-6' ><li class='ez-toc-heading-level-6'><ul class='ez-toc-list-level-6' ><li class='ez-toc-heading-level-6'><ul class='ez-toc-list-level-6' ><li class='ez-toc-heading-level-6'><ul class='ez-toc-list-level-6' ><li class='ez-toc-heading-level-6'><a class=\"ez-toc-link ez-toc-heading-7\" href=\"https:\/\/museudigitalcp.com.br\/portaltur\/#O_maior_e_mais_importante_centro_da_Renovacao_Carismatica_Catolica_do_Brasil\" >O maior e mais importante centro da Renova\u00e7\u00e3o Carism\u00e1tica Cat\u00f3lica do Brasil<\/a><\/li><\/ul><\/li><\/ul><\/li><\/ul><\/li><\/ul><\/li><li class='ez-toc-page-1 ez-toc-heading-level-2'><a class=\"ez-toc-link ez-toc-heading-8\" href=\"https:\/\/museudigitalcp.com.br\/portaltur\/#Venha_visitar_Cachoeira_Paulista\" >Venha visitar Cachoeira Paulista<\/a><ul class='ez-toc-list-level-3' ><li class='ez-toc-heading-level-3'><a class=\"ez-toc-link ez-toc-heading-9\" href=\"https:\/\/museudigitalcp.com.br\/portaltur\/#Conheca_os_atrativos_da_cidade_e_regiao\" >Conhe\u00e7a os atrativos da cidade e regi\u00e3o<\/a><\/li><\/ul><\/li><\/ul><\/li><\/ul><\/nav><\/div>\n","protected":false},"excerpt":{"rendered":"<p>Guia de Pousadas e Hot\u00e9is em Cachoeira Paulista perto da Can\u00e7\u00e3o Nova Encontre as melhores hospedagens, restaurantes, eventos e atra\u00e7\u00f5es para sua visita \u00e0 Cachoeira Paulista e \u00e0 Can\u00e7\u00e3o Nova.<\/p>\n","protected":false},"author":1,"featured_media":1272,"parent":0,"menu_order":0,"comment_status":"closed","ping_status":"closed","template":"","meta":{"_monsterinsights_skip_tracking":false,"site-sidebar-layout":"default","site-content-layout":"","ast-site-content-layout":"default","site-content-style":"default","site-sidebar-style":"default","ast-global-header-display":"","ast-banner-title-visibility":"","ast-main-header-display":"","ast-hfb-above-header-display":"","ast-hfb-below-header-display":"","ast-hfb-mobile-header-display":"","site-post-title":"","ast-breadcrumbs-content":"","ast-featured-img":"","footer-sml-layout":"","ast-disable-related-posts":"","theme-transparent-header-meta":"default","adv-header-id-meta":"","stick-header-meta":"","header-above-stick-meta":"","header-main-stick-meta":"","header-below-stick-meta":"","astra-migrate-meta-layouts":"set","ast-page-background-enabled":"default","ast-page-background-meta":{"desktop":{"background-color":"var(--ast-global-color-4)","background-image":"","background-repeat":"repeat","background-position":"center center","background-size":"auto","background-attachment":"scroll","background-type":"","background-media":"","overlay-type":"","overlay-color":"","overlay-opacity":"","overlay-gradient":""},"tablet":{"background-color":"","background-image":"","background-repeat":"repeat","background-position":"center center","background-size":"auto","background-attachment":"scroll","background-type":"","background-media":"","overlay-type":"","overlay-color":"","overlay-opacity":"","overlay-gradient":""},"mobile":{"background-color":"","background-image":"","background-repeat":"repeat","background-position":"center center","background-size":"auto","background-attachment":"scroll","background-type":"","background-media":"","overlay-type":"","overlay-color":"","overlay-opacity":"","overlay-gradient":""}},"ast-content-background-meta":{"desktop":{"background-color":"var(--ast-global-color-5)","background-image":"","background-repeat":"repeat","background-position":"center center","background-size":"auto","background-attachment":"scroll","background-type":"","background-media":"","overlay-type":"","overlay-color":"","overlay-opacity":"","overlay-gradient":""},"tablet":{"background-color":"var(--ast-global-color-5)","background-image":"","background-repeat":"repeat","background-position":"center center","background-size":"auto","background-attachment":"scroll","background-type":"","background-media":"","overlay-type":"","overlay-color":"","overlay-opacity":"","overlay-gradient":""},"mobile":{"background-color":"var(--ast-global-color-5)","background-image":"","background-repeat":"repeat","background-position":"center center","background-size":"auto","background-attachment":"scroll","background-type":"","background-media":"","overlay-type":"","overlay-color":"","overlay-opacity":"","overlay-gradient":""}},"footnotes":""},"class_list":["post-559","page","type-page","status-publish","has-post-thumbnail","hentry"],"_links":{"self":[{"href":"https:\/\/museudigitalcp.com.br\/portaltur\/wp-json\/wp\/v2\/pages\/559","targetHints":{"allow":["GET"]}}],"collection":[{"href":"https:\/\/museudigitalcp.com.br\/portaltur\/wp-json\/wp\/v2\/pages"}],"about":[{"href":"https:\/\/museudigitalcp.com.br\/portaltur\/wp-json\/wp\/v2\/types\/page"}],"author":[{"embeddable":true,"href":"https:\/\/museudigitalcp.com.br\/portaltur\/wp-json\/wp\/v2\/users\/1"}],"replies":[{"embeddable":true,"href":"https:\/\/museudigitalcp.com.br\/portaltur\/wp-json\/wp\/v2\/comments?post=559"}],"version-history":[{"count":0,"href":"https:\/\/museudigitalcp.com.br\/portaltur\/wp-json\/wp\/v2\/pages\/559\/revisions"}],"wp:featuredmedia":[{"embeddable":true,"href":"https:\/\/museudigitalcp.com.br\/portaltur\/wp-json\/wp\/v2\/media\/1272"}],"wp:attachment":[{"href":"https:\/\/museudigitalcp.com.br\/portaltur\/wp-json\/wp\/v2\/media?parent=559"}],"curies":[{"name":"wp","href":"https:\/\/api.w.org\/{rel}","templated":true}]}}