{"id":1393,"date":"2024-02-12T02:57:58","date_gmt":"2024-02-12T02:57:58","guid":{"rendered":"https:\/\/cachoeirapaulista.tur.br\/?page_id=1393"},"modified":"2025-03-21T19:55:41","modified_gmt":"2025-03-21T19:55:41","slug":"cachoeira-paulista","status":"publish","type":"page","link":"https:\/\/museudigitalcp.com.br\/portaltur\/cachoeira-paulista\/","title":{"rendered":"Cachoeira Paulista"},"content":{"rendered":"<h2>Onde fica Cachoeira Paulista ?<\/h2>\n<p><strong>Cachoeira Paulista<\/strong>\u00a0\u00e9 um\u00a0munic\u00edpio\u00a0da\u00a0Regi\u00e3o Metropolitana do Vale do Para\u00edba, no\u00a0interior\u00a0do\u00a0estado\u00a0de\u00a0S\u00e3o Paulo, na\u00a0microrregi\u00e3o de <a href=\"https:\/\/museudigitalcp.com.br\/portaltur\/guaratingueta\/\">Guaratinguet\u00e1<\/a>. Localiza-se a uma\u00a0latitude\u00a022\u00ba39&#8217;54\u201d sul\u00a0e a uma\u00a0longitude\u00a045\u00ba00&#8217;34&#8221;\u00a0oeste, estando a uma altitude de 521 metros, enquanto sua popula\u00e7\u00e3o estimada em 2019 era de 33 327\u00a0habitantes. Possui uma \u00e1rea de 287,990\u00a0km\u00b2, contabilizando uma densidade demogr\u00e1fica de 104,49 hab\/km\u00b2.<\/p>\n<figure id=\"attachment_1297\" aria-describedby=\"caption-attachment-1297\" style=\"width: 420px\" class=\"wp-caption alignright\"><img loading=\"lazy\" decoding=\"async\" class=\"wp-image-1297 size-full\" title=\"Ponte sobre o Rio Para\u00edba do Sul - Cachoeira Paulista\" src=\"https:\/\/museudigitalcp.com.br\/portaltur\/wp-content\/uploads\/2023\/07\/cachoeira-paulista02.webp\" alt=\"Ponte sobre o Rio Para\u00edba do Sul - Cachoeira Paulista\" width=\"420\" height=\"278\" srcset=\"https:\/\/museudigitalcp.com.br\/portaltur\/wp-content\/uploads\/2023\/07\/cachoeira-paulista02.webp 420w, https:\/\/museudigitalcp.com.br\/portaltur\/wp-content\/uploads\/2023\/07\/cachoeira-paulista02-300x199.webp 300w\" sizes=\"auto, (max-width: 420px) 100vw, 420px\" \/><figcaption id=\"caption-attachment-1297\" class=\"wp-caption-text\">Ponte sobre o Rio Para\u00edba do Sul &#8211; Cachoeira Paulista<\/figcaption><\/figure>\n<p>Tem como cidades lim\u00edtrofes:\u00a0Cruzeiro\u00a0a norte,\u00a0Silveiras\u00a0a leste,\u00a0Lorena\u00a0a sul e oeste e\u00a0Canas\u00a0a sudoeste.<\/p>\n<h2>Hist\u00f3rico<\/h2>\n<p>A \u00e1rea era habitada pelos ind\u00edgenas\u00a0Puris, com uma aldeia entre as margens do rio Para\u00edba do Sul e a fonte da M\u00e3o Fria, local hoje chamado de Jardim da Fonte. J\u00e1 o primeiro povoamento colonial acontece por volta de 1730, pertencente \u00e0 Vila de Lorena e denominado Arraial do Porto da Caxoeira, cujo marco inicial do primitivo n\u00facleo foi uma pequena ermida erigida por devotos em homenagem ao Senhor Bom Jesus da Cana Verde, no ano de 1780.<\/p>\n<p>Manoel da Silva Caldas e sua esposa, \u00c2ngela Maria de Jesus, em 18 de Outubro de 1784 doaram &#8220;duzentas bra\u00e7as de testada e meia l\u00e9gua em dire\u00e7\u00e3o aos sert\u00f5es situados na margem esquerda do Rio Para\u00edba do Sul, at\u00e9 as divisas com o Emba\u00fa&#8221;, para o patrim\u00f4nio da nova Capela do Bom Jesus da Cana Verde, erigida em suas terras por Sebastiana de Tal, constituindo de fato o arraial e permitindo assim a expans\u00e3o do vilarejo ali instalado.<\/p>\n<p>As primeiras edifica\u00e7\u00f5es instaladas consistiam em\u00a0choupanas\u00a0de sertanejos, na sua maioria\u00a0pescadores, que tiravam seu sustento do Rio Para\u00edba. A primeira rua de Cachoeira, foi a Rua &#8220;Bom Jesus&#8221;, que na \u00e9poca partia da capela e avan\u00e7ava at\u00e9 a rota por onde passavam os tropeiros que se dirigiam a Minas Gerais.\u00a0No ano de 1822, nos dias que antecederam a\u00a0Proclama\u00e7\u00e3o da Independ\u00eancia, o Pr\u00edncipe Regente,\u00a0Dom Pedro I, passou pela ent\u00e3o Freguesia de Santo Ant\u00f4nio da Cachoeira, fazendo parada em 18 de agosto daquele ano.<\/p>\n<p>Um dos momentos hist\u00f3ricos mais significativos da cidade ocorreu em 1932, durante a\u00a0Revolu\u00e7\u00e3o Constitucionalista. Durante esse per\u00edodo, o munic\u00edpio transformou-se em uma pra\u00e7a de guerra, tornando-se o Quartel General do Movimento Constitucionalista.<\/p>\n<p>Tamb\u00e9m integra o munic\u00edpio atualmente o bairro do\u00a0Emba\u00fa, que foi sede do antigo munic\u00edpio de Concei\u00e7\u00e3o do Cruzeiro, atual\u00a0Cruzeiro.<\/p>\n<h2><strong>Origem do nome<\/strong><\/h2>\n<p>A origem do nome Cachoeira Paulista deve-se ao fato de o Rio Para\u00edba ter algumas\u00a0corredeiras\u00a0ap\u00f3s o <a href=\"https:\/\/museudigitalcp.com.br\/portaltur\/pontilhao-de-ferro-silvio-vilas-boas\/\">pontilh\u00e3o de Ferro<\/a> da\u00a0MRS Log\u00edstica\u00a0(antiga Estrada de Ferro Central do Brasil).\u00a0Antes de se chamar Cachoeira Paulista (1948), a cidade teve 11 nomes diferentes: Porto da Caxoeira, Arraial do Porto da Cachoeira, Porto da Cachoeira, Arraial porto da Cachoeira de Santo Ant\u00f4nio, Freguesia de Santo Ant\u00f4nio da Cachoeira, Vila de Santo Ant\u00f4nio da Bocaina (1880), Vila de Santo Ant\u00f4nio da Cachoeira (1883), Vila da Bocaina (1895), Bocaina (1911), Cachoeira (1915), Valpara\u00edba (1944).<\/p>\n<h2><strong>Geografia<\/strong><\/h2>\n<p>O munic\u00edpio de Cachoeira Paulista est\u00e1 localizado no fundo do\u00a0Vale do Para\u00edba, aos p\u00e9s da\u00a0Serra da Mantiqueira. A partir da \u00e1rea central da cidade \u00e9 poss\u00edvel visualizar diversos\u00a0cumes\u00a0dessa forma\u00e7\u00e3o, dentre os quais se destacam o\u00a0Pico dos Marins\u00a0(com altitude de 2.420 metros) e a\u00a0Pedra da Mina\u00a0(altitude de 2.798).<\/p>\n<p>A proximidade com a serra faz com que o clima do munic\u00edpio seja bastante inst\u00e1vel, com temperaturas podendo cair rapidamente em algumas noites durante o\u00a0outono\u00a0e\u00a0inverno\u00a0em fun\u00e7\u00e3o das\u00a0brisas de montanha\u00a0que ali atuam, carregando o ar gelado dos topos mais elevados at\u00e9 a por\u00e7\u00e3o mais baixa do vale.<\/p>\n<h2><strong>Esta\u00e7\u00e3o de Cachoeira Paulista<\/strong><\/h2>\n<p>Em Cachoeira Paulista n\u00e3o faltam atra\u00e7\u00f5es tur\u00edsticas com destaque para uma das mais magn\u00edficas constru\u00e7\u00f5es ferrovi\u00e1rias da hist\u00f3ria deste pa\u00eds.<\/p>\n<p>Inaugurada em 1875, a <a href=\"https:\/\/museudigitalcp.com.br\/portaltur\/estacao-ferroviaria-de-cachoeira-paulista\/\">Esta\u00e7\u00e3o Ferrovi\u00e1ria de Cachoeira Paulista<\/a> marcava o ponto de encontro entre dois importantes ramais ferrovi\u00e1rios do Brasil: a Estrada de Ferro do Norte (tamb\u00e9m conhecida como Estrada de Ferro S\u00e3o Paulo \u2013 Rio) e a Estrada de Ferro Dom Pedro II, que vinha desde a cidade do Rio de Janeiro. A Esta\u00e7\u00e3o de Cachoeira Paulista ainda exibe tra\u00e7os da bela arquitetura empreendida na \u00e9poca de sua constru\u00e7\u00e3o.<\/p>\n<h2><strong>Can\u00e7\u00e3o Nova<\/strong><\/h2>\n<p>De acordo com o censo demogr\u00e1fico feito em 2010 pelo IBGE, a cidade conta com uma popula\u00e7\u00e3o que se identifica majoritariamente com a Igreja Cat\u00f3lica Romana (76,66%). Cachoeira Paulista tamb\u00e9m se destaca por ser sede da <strong><a href=\"https:\/\/www.cancaonova.com\/\" target=\"_blank\" rel=\"noopener\">Can\u00e7\u00e3o Nova<\/a>,<\/strong> uma comunidade fundada pelo Monsenhor Jonas Abib e companheiros em 1978, como parte da Renova\u00e7\u00e3o Carism\u00e1tica Cat\u00f3lica. Com grande estrutura para receber visitantes, conta com o centro de eventos &#8220;Rinc\u00e3o do Meu Senhor&#8221; com capacidade para 80 mil pessoas, al\u00e9m do Santu\u00e1rio Pai das Miseric\u00f3rdias que comporta 10 mil pessoas.<\/p>\n<p>Sob responsabilidade da comunidade tamb\u00e9m est\u00e3o dois grande sistemas de comunica\u00e7\u00e3o, tanto a R\u00e1dio Can\u00e7\u00e3o Nova como a TV Can\u00e7\u00e3o Nova. Dentre os diversos eventos religiosos que a comunidade promove, destaca-se o &#8220;<em>Hosana, Brasil<\/em>&#8221; em meados do m\u00eas de dezembro. Justamente para comportar o grande fluxo de visitantes, a cidade tem uma rede hoteleira e de lojas voltadas ao turismo religioso que movimenta a economia local.<\/p>\n<h2><strong>Ci\u00eancia e tecnologia<\/strong><\/h2>\n<p>Na cidade de Cachoeira Paulista est\u00e1 localizada uma das sedes do Instituto Nacional de Pesquisas Espaciais, dentro do qual est\u00e1 situado o Centro de Previs\u00e3o de Tempo e Estudos Clim\u00e1ticos (CPTEC &#8211; INPE). No INPE est\u00e1 instalado o supercomputador mais sofisticado do hemisf\u00e9rio sul.<\/p>\n<hr \/>\n<p style=\"text-align: center;\"><a href=\"https:\/\/museudigitalcp.com.br\/portaltur\/\">P\u00e1gina principal<\/a><\/p>\n","protected":false},"excerpt":{"rendered":"<p>Onde fica Cachoeira Paulista ? Cachoeira Paulista\u00a0\u00e9 um\u00a0munic\u00edpio\u00a0da\u00a0Regi\u00e3o Metropolitana do Vale do Para\u00edba, no\u00a0interior\u00a0do\u00a0estado\u00a0de\u00a0S\u00e3o Paulo, na\u00a0microrregi\u00e3o de Guaratinguet\u00e1. Localiza-se a uma\u00a0latitude\u00a022\u00ba39&#8217;54\u201d sul\u00a0e a uma\u00a0longitude\u00a045\u00ba00&#8217;34&#8221;\u00a0oeste, estando a uma altitude de 521 metros, enquanto sua popula\u00e7\u00e3o estimada em 2019 era de 33 327\u00a0habitantes. Possui uma \u00e1rea de 287,990\u00a0km\u00b2, contabilizando uma densidade demogr\u00e1fica de 104,49 hab\/km\u00b2. Tem como [&hellip;]<\/p>\n","protected":false},"author":1,"featured_media":0,"parent":0,"menu_order":0,"comment_status":"closed","ping_status":"closed","template":"","meta":{"_monsterinsights_skip_tracking":false,"site-sidebar-layout":"default","site-content-layout":"","ast-site-content-layout":"default","site-content-style":"default","site-sidebar-style":"default","ast-global-header-display":"","ast-banner-title-visibility":"","ast-main-header-display":"","ast-hfb-above-header-display":"","ast-hfb-below-header-display":"","ast-hfb-mobile-header-display":"","site-post-title":"","ast-breadcrumbs-content":"","ast-featured-img":"","footer-sml-layout":"","ast-disable-related-posts":"","theme-transparent-header-meta":"","adv-header-id-meta":"","stick-header-meta":"","header-above-stick-meta":"","header-main-stick-meta":"","header-below-stick-meta":"","astra-migrate-meta-layouts":"default","ast-page-background-enabled":"default","ast-page-background-meta":{"desktop":{"background-color":"var(--ast-global-color-4)","background-image":"","background-repeat":"repeat","background-position":"center center","background-size":"auto","background-attachment":"scroll","background-type":"","background-media":"","overlay-type":"","overlay-color":"","overlay-opacity":"","overlay-gradient":""},"tablet":{"background-color":"","background-image":"","background-repeat":"repeat","background-position":"center center","background-size":"auto","background-attachment":"scroll","background-type":"","background-media":"","overlay-type":"","overlay-color":"","overlay-opacity":"","overlay-gradient":""},"mobile":{"background-color":"","background-image":"","background-repeat":"repeat","background-position":"center center","background-size":"auto","background-attachment":"scroll","background-type":"","background-media":"","overlay-type":"","overlay-color":"","overlay-opacity":"","overlay-gradient":""}},"ast-content-background-meta":{"desktop":{"background-color":"var(--ast-global-color-5)","background-image":"","background-repeat":"repeat","background-position":"center center","background-size":"auto","background-attachment":"scroll","background-type":"","background-media":"","overlay-type":"","overlay-color":"","overlay-opacity":"","overlay-gradient":""},"tablet":{"background-color":"var(--ast-global-color-5)","background-image":"","background-repeat":"repeat","background-position":"center center","background-size":"auto","background-attachment":"scroll","background-type":"","background-media":"","overlay-type":"","overlay-color":"","overlay-opacity":"","overlay-gradient":""},"mobile":{"background-color":"var(--ast-global-color-5)","background-image":"","background-repeat":"repeat","background-position":"center center","background-size":"auto","background-attachment":"scroll","background-type":"","background-media":"","overlay-type":"","overlay-color":"","overlay-opacity":"","overlay-gradient":""}},"footnotes":""},"class_list":["post-1393","page","type-page","status-publish","hentry"],"_links":{"self":[{"href":"https:\/\/museudigitalcp.com.br\/portaltur\/wp-json\/wp\/v2\/pages\/1393","targetHints":{"allow":["GET"]}}],"collection":[{"href":"https:\/\/museudigitalcp.com.br\/portaltur\/wp-json\/wp\/v2\/pages"}],"about":[{"href":"https:\/\/museudigitalcp.com.br\/portaltur\/wp-json\/wp\/v2\/types\/page"}],"author":[{"embeddable":true,"href":"https:\/\/museudigitalcp.com.br\/portaltur\/wp-json\/wp\/v2\/users\/1"}],"replies":[{"embeddable":true,"href":"https:\/\/museudigitalcp.com.br\/portaltur\/wp-json\/wp\/v2\/comments?post=1393"}],"version-history":[{"count":0,"href":"https:\/\/museudigitalcp.com.br\/portaltur\/wp-json\/wp\/v2\/pages\/1393\/revisions"}],"wp:attachment":[{"href":"https:\/\/museudigitalcp.com.br\/portaltur\/wp-json\/wp\/v2\/media?parent=1393"}],"curies":[{"name":"wp","href":"https:\/\/api.w.org\/{rel}","templated":true}]}}